{"id":25286,"date":"2020-08-31T17:10:09","date_gmt":"2020-08-31T17:10:09","guid":{"rendered":"https:\/\/kdc1000.wpengine.com\/?page_id=25286"},"modified":"2020-09-29T15:23:37","modified_gmt":"2020-09-29T15:23:37","slug":"workforce-services","status":"publish","type":"page","link":"https:\/\/www.kansascommerce.gov\/es\/covid19response\/workforce-services\/","title":{"rendered":"Servicios de mano de obra"},"content":{"rendered":"<div class=\"hero-block hero-block--simple\" >\n\n        <div class=\"breadcrumb_wrapper\">\n                                                <a href=\"https:\/\/www.kansascommerce.gov\/es\/\">Inicio<\/a> \/\n                                                                <a href=\"https:\/\/www.kansascommerce.gov\/es\/covid19response\/\">COVID-19 Respuesta<\/a> \/\n                                                                <span>Servicios de mano de obra<\/span>\n                                    <\/div>\n\n        <div class=\"container h-100\">\n            <div class=\"row align-items-center h-100\">\n                <div class=\"col-12 content\">\n                    <div>\n\n<h1 class=\"wp-block-heading\">Servicios de mano de obra<\/h1>\n\n\n\n<p><\/p>\n\n<\/div>\n                <\/div>\n            <\/div>\n        <\/div>\n    <\/div>\n    \n\n    <div class=\"container\">            <div class=\"wrapper-block\" style=\"                                                                                                                                    \">\n        \n\n<p>Debido a la pandemia de COVID-19,&nbsp;<strong>NEGOCIOS<\/strong>Los Centros de Trabajo de WORKS tomar\u00e1n medidas para reducir el contacto y mantener el distanciamiento social seg\u00fan las indicaciones de los Centros de Control de Enfermedades.<\/p>\n\n\n\n<p><strong>NEGOCIOS<\/strong>Los Centros de Fuerza Laboral WORKS permanecer\u00e1n abiertos, pero con servicios limitados al p\u00fablico. Las personas deben llamar al (877) 509-6757 para asegurarse de que su Centro de Fuerza Laboral local est\u00e1 abierto a las visitas en persona antes de llegar. Las citas previamente programadas para los servicios esenciales seguir\u00e1n teniendo lugar a menos que se indique lo contrario. Todos los servicios no esenciales se prestar\u00e1n por tel\u00e9fono, correo electr\u00f3nico o en l\u00ednea en&nbsp;<a href=\"https:\/\/www.kansasworks.com\/ada\/r\/\" target=\"_blank\" rel=\"noreferrer noopener\">www.kansasworks.com<\/a>.<\/p>\n\n\n\n<p>La zona de ordenadores de acceso p\u00fablico permanecer\u00e1 cerrada al p\u00fablico hasta nuevo aviso. Se han cancelado todos los talleres, grandes reuniones y ferias de empleo hasta el 5 de abril de 2020. Ser\u00e1n reprogramados en una fecha posterior de acuerdo con la direcci\u00f3n de los funcionarios estatales y locales. Esto incluye pruebas y reuniones para el Programa de Empleo Juvenil, Asistencia de Ajuste Comercial (TAA) y Respuesta R\u00e1pida.<\/p>\n\n\n\n<p>Cualquier ciudadano de Kansas que necesite servicios de empleo o reempleo puede llamar al (877) 509-6757 para concertar una cita y hablar con un representante. Los mensajes deben incluir el nombre de la persona, su n\u00famero de tel\u00e9fono y su direcci\u00f3n de correo electr\u00f3nico. Las llamadas se devolver\u00e1n en el orden en que se reciban. Tambi\u00e9n se puede acceder a los servicios a trav\u00e9s de la funci\u00f3n de chat en directo en&nbsp;<a href=\"https:\/\/www.kansasworks.com\/ada\/r\/\" target=\"_blank\" rel=\"noreferrer noopener\">www.kansasworks.com<\/a>.<\/p>\n\n\n        <div class=\"clearfix\"><\/div>\n    <\/div>\n    <\/div>\n\n    <div class=\"container\">            <div class=\"accordion-block\">\n        <h3>Actualizaciones de programas individuales<\/h3>\n        <div class=\"accordion\" id=\"accordionExample\">\n        \n<div class=\"card simple\" >\n    <div class=\"card-header relative\" id=\"heading-503749331\">\n        <div class=\"d-flex justify-content-between\">\n            <h5 class=\"mb-0\">Trabajador desplazado<\/h5><button class=\"btn-link\" type=\"button\" data-toggle=\"collapse\" data-target=\"#collapse-503749331\" aria-expanded=\"false\" aria-controls=\"collapse-503749331\"><\/button>\n        <\/div>\n\n        <a href=\"javascript:;\" class=\"cover_link\" data-toggle=\"collapse\" data-target=\"#collapse-503749331\" aria-expanded=\"false\" aria-controls=\"collapse-503749331\" aria-label=\"Toggle\"><\/a>\n    <\/div>\n\n    <div id=\"collapse-503749331\" class=\"collapse\" aria-labelledby=\"heading-503749331\" data-parent=\"#accordionExample\">\n        <div class=\"card-body\">\n            \n\n<p>Las personas inscritas en el programa de trabajadores desplazados ser\u00e1n contactadas por un gestor de casos antes del 20 de marzo para que completen y env\u00eden la documentaci\u00f3n por correo electr\u00f3nico.<\/p>\n\n\n        <\/div>\n    <\/div>\n<\/div>\n\n<div class=\"card simple\" >\n    <div class=\"card-header relative\" id=\"heading-81891263\">\n        <div class=\"d-flex justify-content-between\">\n            <h5 class=\"mb-0\">Servicios de reempleo y evaluaci\u00f3n de la admisibilidad (RESEA)<\/h5><button class=\"btn-link\" type=\"button\" data-toggle=\"collapse\" data-target=\"#collapse-81891263\" aria-expanded=\"false\" aria-controls=\"collapse-81891263\"><\/button>\n        <\/div>\n\n        <a href=\"javascript:;\" class=\"cover_link\" data-toggle=\"collapse\" data-target=\"#collapse-81891263\" aria-expanded=\"false\" aria-controls=\"collapse-81891263\" aria-label=\"Toggle\"><\/a>\n    <\/div>\n\n    <div id=\"collapse-81891263\" class=\"collapse\" aria-labelledby=\"heading-81891263\" data-parent=\"#accordionExample\">\n        <div class=\"card-body\">\n            \n\n<p>Las personas que participen en el programa RESEA deben ponerse en contacto con el n\u00famero (877) 509-6757. Al dejar un mensaje en el buz\u00f3n de voz, las personas deben asegurarse de incluir su nombre completo y n\u00famero de tel\u00e9fono para que les devuelvan la llamada. Las personas que tengan asignado un gestor de casos tambi\u00e9n deben incluir el nombre de \u00e9ste en el mensaje. El personal de RESEA devolver\u00e1 las llamadas lo antes posible.<\/p>\n\n\n        <\/div>\n    <\/div>\n<\/div>\n\n<div class=\"card simple\" >\n    <div class=\"card-header relative\" id=\"heading-684024604\">\n        <div class=\"d-flex justify-content-between\">\n            <h5 class=\"mb-0\">Asistencia para el ajuste comercial (TAA)<\/h5><button class=\"btn-link\" type=\"button\" data-toggle=\"collapse\" data-target=\"#collapse-684024604\" aria-expanded=\"false\" aria-controls=\"collapse-684024604\"><\/button>\n        <\/div>\n\n        <a href=\"javascript:;\" class=\"cover_link\" data-toggle=\"collapse\" data-target=\"#collapse-684024604\" aria-expanded=\"false\" aria-controls=\"collapse-684024604\" aria-label=\"Toggle\"><\/a>\n    <\/div>\n\n    <div id=\"collapse-684024604\" class=\"collapse\" aria-labelledby=\"heading-684024604\" data-parent=\"#accordionExample\">\n        <div class=\"card-body\">\n            \n\n<p>Las reuniones de la TAA programadas para los d\u00edas 30 y 31 de marzo en la Comunidad de Wichita han sido canceladas y se volver\u00e1n a programar en una fecha posterior.  P\u00f3ngase en contacto con Tonya Carlson en&nbsp;<a href=\"mailto:tonya.carlson@ks.gov\" target=\"_blank\" rel=\"noreferrer noopener\">tonya.carlson@ks.gov<\/a>&nbsp;si tiene preguntas.<\/p>\n\n\n\n<p><\/p>\n\n\n        <\/div>\n    <\/div>\n<\/div>\n\n        <\/div>\n    <\/div>\n    <script>\n        jQuery(function($){\n            if ( window.location.hash ) {\n                 var hash = window.location.hash,\n                     $hash = $('.accordion-block .card'+hash);\n                $('.card-header button', $hash).click();\n                setTimeout(function() {\n                    $('html, body').animate({\n                        scrollTop: $hash.offset().top - 160\n                    }, 100);\n                }, 500);\n             }\n        })\n    <\/script>\n    <\/div>\n\n    <div class=\"container\">            <div class=\"accordion-block\">\n        <h3>Servicios para empresarios<\/h3>\n        <div class=\"accordion\" id=\"accordionExample\">\n        \n<div class=\"card simple\" >\n    <div class=\"card-header relative\" id=\"heading-711028563\">\n        <div class=\"d-flex justify-content-between\">\n            <h5 class=\"mb-0\">Ferias de empleo<\/h5><button class=\"btn-link\" type=\"button\" data-toggle=\"collapse\" data-target=\"#collapse-711028563\" aria-expanded=\"false\" aria-controls=\"collapse-711028563\"><\/button>\n        <\/div>\n\n        <a href=\"javascript:;\" class=\"cover_link\" data-toggle=\"collapse\" data-target=\"#collapse-711028563\" aria-expanded=\"false\" aria-controls=\"collapse-711028563\" aria-label=\"Toggle\"><\/a>\n    <\/div>\n\n    <div id=\"collapse-711028563\" class=\"collapse\" aria-labelledby=\"heading-711028563\" data-parent=\"#accordionExample\">\n        <div class=\"card-body\">\n            \n\n<p>Todas las ferias de empleo programadas hasta el 5 de abril de 2020, incluida la Feria de Empleo Estatal del 2 de abril, han sido canceladas. Por favor llame al (877) 509-6757 con cualquier pregunta.<\/p>\n\n\n        <\/div>\n    <\/div>\n<\/div>\n\n<div class=\"card simple\" >\n    <div class=\"card-header relative\" id=\"heading-1644038379\">\n        <div class=\"d-flex justify-content-between\">\n            <h5 class=\"mb-0\">Respuesta r\u00e1pida<\/h5><button class=\"btn-link\" type=\"button\" data-toggle=\"collapse\" data-target=\"#collapse-1644038379\" aria-expanded=\"false\" aria-controls=\"collapse-1644038379\"><\/button>\n        <\/div>\n\n        <a href=\"javascript:;\" class=\"cover_link\" data-toggle=\"collapse\" data-target=\"#collapse-1644038379\" aria-expanded=\"false\" aria-controls=\"collapse-1644038379\" aria-label=\"Toggle\"><\/a>\n    <\/div>\n\n    <div id=\"collapse-1644038379\" class=\"collapse\" aria-labelledby=\"heading-1644038379\" data-parent=\"#accordionExample\">\n        <div class=\"card-body\">\n            \n\n<p>Los empresarios que necesiten asistencia r\u00e1pida en caso de despido deben ponerse en contacto con Shelly Thompson en la direcci\u00f3n siguiente&nbsp;<a href=\"mailto:Shelly.Thompson@ks.gov\" target=\"_blank\" rel=\"noreferrer noopener\">Shelly.Thompson@ks.gov<\/a>.<\/p>\n\n\n        <\/div>\n    <\/div>\n<\/div>\n\n        <\/div>\n    <\/div>\n    <script>\n        jQuery(function($){\n            if ( window.location.hash ) {\n                 var hash = window.location.hash,\n                     $hash = $('.accordion-block .card'+hash);\n                $('.card-header button', $hash).click();\n                setTimeout(function() {\n                    $('html, body').animate({\n                        scrollTop: $hash.offset().top - 160\n                    }, 100);\n                }, 500);\n             }\n        })\n    <\/script>\n    <\/div>\n\n    <div class=\"container\">            <div class=\"wrapper-block\" style=\"                                                                                                                                    \">\n        \n\n<p>Encontrar\u00e1 m\u00e1s informaci\u00f3n del Departamento de Trabajo sobre las declaraciones de emergencia del Seguro de Desempleo relacionadas con COVID-19 en&nbsp;<a href=\"https:\/\/gcc01.safelinks.protection.outlook.com\/?url=http%3A%2F%2Fwww.dol.ks.gov%2Fcovid19response&amp;data=02%7C01%7Calex.rice%40ks.gov%7C9509f57fde784b50f74a08d7ca7ff343%7Cdcae8101c92d480cbc43c6761ccccc5a%7C0%7C0%7C637200523208942970&amp;sdata=5IyPLg9B%2BbQfobXBYf3Kj9xq0RIBXAi0S5qjtFx%2BFD0%3D&amp;reserved=0\" target=\"_blank\" rel=\"noreferrer noopener\">www.dol.ks.gov\/covid19response<\/a>.<\/p>\n\n\n        <div class=\"clearfix\"><\/div>\n    <\/div>\n    <\/div>","protected":false},"excerpt":{"rendered":"","protected":false},"author":75,"featured_media":0,"parent":24560,"menu_order":218,"comment_status":"closed","ping_status":"closed","template":"","meta":{"_acf_changed":false,"_eb_attr":"","_monsterinsights_skip_tracking":false,"_monsterinsights_sitenote_active":false,"_monsterinsights_sitenote_note":"","_monsterinsights_sitenote_category":0,"footnotes":""},"class_list":["post-25286","page","type-page","status-publish","hentry"],"acf":[],"yoast_head":"<!-- This site is optimized with the Yoast SEO Premium plugin v19.5 (Yoast SEO v27.1.1) - https:\/\/yoast.com\/product\/yoast-seo-premium-wordpress\/ -->\n<title>Workforce Services - Kansas Department of Commerce<\/title>\n<meta name=\"description\" content=\"The state of Kansas provides a host of workforce services to benefit job seekers and businesses alike. Programs range from general job search support and resume development to skills development to on-the-job training. Learn how Kansas connects job seekers with employers to create a strong Kansas economy.\" \/>\n<meta name=\"robots\" content=\"index, follow, max-snippet:-1, max-image-preview:large, max-video-preview:-1\" \/>\n<link rel=\"canonical\" href=\"https:\/\/www.kansascommerce.gov\/es\/covid19response\/workforce-services\/\" \/>\n<meta property=\"og:locale\" content=\"es_ES\" \/>\n<meta property=\"og:type\" content=\"article\" \/>\n<meta property=\"og:title\" content=\"Workforce Services\" \/>\n<meta property=\"og:description\" content=\"The state of Kansas provides a host of workforce services to benefit job seekers and businesses alike. Programs range from general job search support and resume development to skills development to on-the-job training. Learn how Kansas connects job seekers with employers to create a strong Kansas economy.\" \/>\n<meta property=\"og:url\" content=\"https:\/\/www.kansascommerce.gov\/es\/covid19response\/workforce-services\/\" \/>\n<meta property=\"og:site_name\" content=\"Kansas Department of Commerce\" \/>\n<meta property=\"article:publisher\" content=\"https:\/\/www.facebook.com\/KansasCommerce\/\" \/>\n<meta property=\"article:modified_time\" content=\"2020-09-29T15:23:37+00:00\" \/>\n<meta property=\"og:image\" content=\"https:\/\/www.kansascommerce.gov\/wp-content\/uploads\/2020\/09\/KDC_OG-MEta.jpg\" \/>\n\t<meta property=\"og:image:width\" content=\"1200\" \/>\n\t<meta property=\"og:image:height\" content=\"630\" \/>\n\t<meta property=\"og:image:type\" content=\"image\/jpeg\" \/>\n<meta name=\"twitter:card\" content=\"summary_large_image\" \/>\n<meta name=\"twitter:site\" content=\"@KansasCommerce\" \/>\n<script type=\"application\/ld+json\" class=\"yoast-schema-graph\">{\"@context\":\"https:\/\/schema.org\",\"@graph\":[{\"@type\":\"WebPage\",\"@id\":\"https:\/\/www.kansascommerce.gov\/covid19response\/workforce-services\/\",\"url\":\"https:\/\/www.kansascommerce.gov\/covid19response\/workforce-services\/\",\"name\":\"Workforce Services - Kansas Department of Commerce\",\"isPartOf\":{\"@id\":\"https:\/\/www.kansascommerce.gov\/#website\"},\"datePublished\":\"2020-08-31T17:10:09+00:00\",\"dateModified\":\"2020-09-29T15:23:37+00:00\",\"description\":\"The state of Kansas provides a host of workforce services to benefit job seekers and businesses alike. Programs range from general job search support and resume development to skills development to on-the-job training. Learn how Kansas connects job seekers with employers to create a strong Kansas economy.\",\"breadcrumb\":{\"@id\":\"https:\/\/www.kansascommerce.gov\/covid19response\/workforce-services\/#breadcrumb\"},\"inLanguage\":\"es\",\"potentialAction\":[{\"@type\":\"ReadAction\",\"target\":[\"https:\/\/www.kansascommerce.gov\/covid19response\/workforce-services\/\"]}]},{\"@type\":\"BreadcrumbList\",\"@id\":\"https:\/\/www.kansascommerce.gov\/covid19response\/workforce-services\/#breadcrumb\",\"itemListElement\":[{\"@type\":\"ListItem\",\"position\":1,\"name\":\"Home\",\"item\":\"https:\/\/www.kansascommerce.gov\/\"},{\"@type\":\"ListItem\",\"position\":2,\"name\":\"COVID-19 Response\",\"item\":\"https:\/\/www.kansascommerce.gov\/covid19response\/\"},{\"@type\":\"ListItem\",\"position\":3,\"name\":\"Workforce Services\"}]},{\"@type\":\"WebSite\",\"@id\":\"https:\/\/www.kansascommerce.gov\/#website\",\"url\":\"https:\/\/www.kansascommerce.gov\/\",\"name\":\"Kansas Department of Commerce\",\"description\":\"Empowering Prosperity\",\"publisher\":{\"@id\":\"https:\/\/www.kansascommerce.gov\/#organization\"},\"potentialAction\":[{\"@type\":\"SearchAction\",\"target\":{\"@type\":\"EntryPoint\",\"urlTemplate\":\"https:\/\/www.kansascommerce.gov\/?s={search_term_string}\"},\"query-input\":{\"@type\":\"PropertyValueSpecification\",\"valueRequired\":true,\"valueName\":\"search_term_string\"}}],\"inLanguage\":\"es\"},{\"@type\":\"Organization\",\"@id\":\"https:\/\/www.kansascommerce.gov\/#organization\",\"name\":\"Kansas Department of Commerce\",\"url\":\"https:\/\/www.kansascommerce.gov\/\",\"logo\":{\"@type\":\"ImageObject\",\"inLanguage\":\"es\",\"@id\":\"https:\/\/www.kansascommerce.gov\/#\/schema\/logo\/image\/\",\"url\":\"https:\/\/www.kansascommerce.gov\/wp-content\/uploads\/2020\/07\/kdc_logo.png\",\"contentUrl\":\"https:\/\/www.kansascommerce.gov\/wp-content\/uploads\/2020\/07\/kdc_logo.png\",\"width\":600,\"height\":347,\"caption\":\"Kansas Department of Commerce\"},\"image\":{\"@id\":\"https:\/\/www.kansascommerce.gov\/#\/schema\/logo\/image\/\"},\"sameAs\":[\"https:\/\/www.facebook.com\/KansasCommerce\/\",\"https:\/\/x.com\/KansasCommerce\",\"https:\/\/www.linkedin.com\/company\/kansas-department-of-commerce\/\"]}]}<\/script>\n<!-- \/ Yoast SEO Premium plugin. -->","yoast_head_json":{"title":"Workforce Services - Kansas Department of Commerce","description":"El estado de Kansas ofrece una serie de servicios de mano de obra que benefician tanto a los solicitantes de empleo como a las empresas. Los programas abarcan desde el apoyo general en la b\u00fasqueda de empleo y la elaboraci\u00f3n de curr\u00edculos hasta el desarrollo de habilidades y la formaci\u00f3n en el puesto de trabajo. Conozca c\u00f3mo Kansas conecta a los demandantes de empleo con las empresas para crear una econom\u00eda fuerte en Kansas.","robots":{"index":"index","follow":"follow","max-snippet":"max-snippet:-1","max-image-preview":"max-image-preview:large","max-video-preview":"max-video-preview:-1"},"canonical":"https:\/\/www.kansascommerce.gov\/es\/covid19response\/workforce-services\/","og_locale":"es_ES","og_type":"article","og_title":"Workforce Services","og_description":"The state of Kansas provides a host of workforce services to benefit job seekers and businesses alike. Programs range from general job search support and resume development to skills development to on-the-job training. Learn how Kansas connects job seekers with employers to create a strong Kansas economy.","og_url":"https:\/\/www.kansascommerce.gov\/es\/covid19response\/workforce-services\/","og_site_name":"Kansas Department of Commerce","article_publisher":"https:\/\/www.facebook.com\/KansasCommerce\/","article_modified_time":"2020-09-29T15:23:37+00:00","og_image":[{"width":1200,"height":630,"url":"https:\/\/www.kansascommerce.gov\/wp-content\/uploads\/2020\/09\/KDC_OG-MEta.jpg","type":"image\/jpeg"}],"twitter_card":"summary_large_image","twitter_site":"@KansasCommerce","schema":{"@context":"https:\/\/schema.org","@graph":[{"@type":"WebPage","@id":"https:\/\/www.kansascommerce.gov\/covid19response\/workforce-services\/","url":"https:\/\/www.kansascommerce.gov\/covid19response\/workforce-services\/","name":"Workforce Services - Kansas Department of Commerce","isPartOf":{"@id":"https:\/\/www.kansascommerce.gov\/#website"},"datePublished":"2020-08-31T17:10:09+00:00","dateModified":"2020-09-29T15:23:37+00:00","description":"El estado de Kansas ofrece una serie de servicios de mano de obra que benefician tanto a los solicitantes de empleo como a las empresas. Los programas abarcan desde el apoyo general en la b\u00fasqueda de empleo y la elaboraci\u00f3n de curr\u00edculos hasta el desarrollo de habilidades y la formaci\u00f3n en el puesto de trabajo. Conozca c\u00f3mo Kansas conecta a los demandantes de empleo con las empresas para crear una econom\u00eda fuerte en Kansas.","breadcrumb":{"@id":"https:\/\/www.kansascommerce.gov\/covid19response\/workforce-services\/#breadcrumb"},"inLanguage":"es","potentialAction":[{"@type":"ReadAction","target":["https:\/\/www.kansascommerce.gov\/covid19response\/workforce-services\/"]}]},{"@type":"BreadcrumbList","@id":"https:\/\/www.kansascommerce.gov\/covid19response\/workforce-services\/#breadcrumb","itemListElement":[{"@type":"ListItem","position":1,"name":"Home","item":"https:\/\/www.kansascommerce.gov\/"},{"@type":"ListItem","position":2,"name":"COVID-19 Response","item":"https:\/\/www.kansascommerce.gov\/covid19response\/"},{"@type":"ListItem","position":3,"name":"Workforce Services"}]},{"@type":"WebSite","@id":"https:\/\/www.kansascommerce.gov\/#website","url":"https:\/\/www.kansascommerce.gov\/","name":"Departamento de Comercio de Kansas","description":"Fomentar la prosperidad","publisher":{"@id":"https:\/\/www.kansascommerce.gov\/#organization"},"potentialAction":[{"@type":"SearchAction","target":{"@type":"EntryPoint","urlTemplate":"https:\/\/www.kansascommerce.gov\/?s={search_term_string}"},"query-input":{"@type":"PropertyValueSpecification","valueRequired":true,"valueName":"search_term_string"}}],"inLanguage":"es"},{"@type":"Organization","@id":"https:\/\/www.kansascommerce.gov\/#organization","name":"Departamento de Comercio de Kansas","url":"https:\/\/www.kansascommerce.gov\/","logo":{"@type":"ImageObject","inLanguage":"es","@id":"https:\/\/www.kansascommerce.gov\/#\/schema\/logo\/image\/","url":"https:\/\/www.kansascommerce.gov\/wp-content\/uploads\/2020\/07\/kdc_logo.png","contentUrl":"https:\/\/www.kansascommerce.gov\/wp-content\/uploads\/2020\/07\/kdc_logo.png","width":600,"height":347,"caption":"Kansas Department of Commerce"},"image":{"@id":"https:\/\/www.kansascommerce.gov\/#\/schema\/logo\/image\/"},"sameAs":["https:\/\/www.facebook.com\/KansasCommerce\/","https:\/\/x.com\/KansasCommerce","https:\/\/www.linkedin.com\/company\/kansas-department-of-commerce\/"]}]}},"publishpress_future_action":{"enabled":false,"date":"2026-05-03 10:25:04","action":"change-status","newStatus":"draft","terms":[],"taxonomy":"","extraData":[]},"publishpress_future_workflow_manual_trigger":{"enabledWorkflows":[]},"_links":{"self":[{"href":"https:\/\/www.kansascommerce.gov\/es\/wp-json\/wp\/v2\/pages\/25286","targetHints":{"allow":["GET"]}}],"collection":[{"href":"https:\/\/www.kansascommerce.gov\/es\/wp-json\/wp\/v2\/pages"}],"about":[{"href":"https:\/\/www.kansascommerce.gov\/es\/wp-json\/wp\/v2\/types\/page"}],"author":[{"embeddable":true,"href":"https:\/\/www.kansascommerce.gov\/es\/wp-json\/wp\/v2\/users\/75"}],"replies":[{"embeddable":true,"href":"https:\/\/www.kansascommerce.gov\/es\/wp-json\/wp\/v2\/comments?post=25286"}],"version-history":[{"count":0,"href":"https:\/\/www.kansascommerce.gov\/es\/wp-json\/wp\/v2\/pages\/25286\/revisions"}],"up":[{"embeddable":true,"href":"https:\/\/www.kansascommerce.gov\/es\/wp-json\/wp\/v2\/pages\/24560"}],"wp:attachment":[{"href":"https:\/\/www.kansascommerce.gov\/es\/wp-json\/wp\/v2\/media?parent=25286"}],"curies":[{"name":"wp","href":"https:\/\/api.w.org\/{rel}","templated":true}]}}