{"id":51525,"date":"2023-02-10T19:14:45","date_gmt":"2023-02-10T19:14:45","guid":{"rendered":"https:\/\/www.kansascommerce.gov\/?post_type=program&#038;p=51525"},"modified":"2025-12-08T09:22:10","modified_gmt":"2025-12-08T14:22:10","slug":"adzel-duo","status":"publish","type":"program","link":"https:\/\/www.kansascommerce.gov\/es\/program\/kansas-creative-arts-and-industries-commission-kcaic\/kansas-touring-roster\/adzel-duo\/","title":{"rendered":"D\u00fao AdZel"},"content":{"rendered":"<div class=\"hero-block hero-block--simple\" >\n\n        <div class=\"breadcrumb_wrapper\">\n                                                <a href=\"https:\/\/www.kansascommerce.gov\/es\/\">Inicio<\/a> \/\n                                                                <a href=\"https:\/\/www.kansascommerce.gov\/es\/programs-services\/\">Programas y servicios<\/a> \/\n                                                                <a href=\"https:\/\/www.kansascommerce.gov\/es\/program\/kansas-creative-arts-and-industries-commission-kcaic\/kansas-touring-roster\/\">Lista de Kansas Touring<\/a> \/\n                                                                <span>D\u00fao AdZel<\/span>\n                                    <\/div>\n\n        <div class=\"container h-100\">\n            <div class=\"row align-items-center h-100\">\n                <div class=\"col-12 content\">\n                    <div>\n\n<h2 class=\"wp-block-heading\" id=\"h-bobby-watson\">D\u00fao AdZel<\/h2>\n\n\n\n<h5 class=\"wp-block-heading\" id=\"h-jazz\">M\u00fasica cl\u00e1sica<\/h5>\n\n<\/div>\n                <\/div>\n            <\/div>\n        <\/div>\n    <\/div>\n    \n\n    <div class=\"container\">            <div class=\"wrapper-block\" style=\"                                                                                                                                    \">\n        \n<div class=\"wp-block-image\">\n<figure class=\"alignleft size-full\"><img fetchpriority=\"high\" decoding=\"async\" width=\"336\" height=\"402\" src=\"https:\/\/www.kansascommerce.gov\/wp-content\/uploads\/2023\/02\/adzel-duo.jpg\" alt=\"\" class=\"wp-image-51798\" srcset=\"https:\/\/www.kansascommerce.gov\/wp-content\/uploads\/2023\/02\/adzel-duo.jpg 336w, https:\/\/www.kansascommerce.gov\/wp-content\/uploads\/2023\/02\/adzel-duo-251x300.jpg 251w\" sizes=\"(max-width: 336px) 100vw, 336px\" \/><\/figure>\n<\/div>\n\n\n<figure class=\"wp-block-table\"><table><tbody><tr><th scope=\"row\">Ciudad:<\/th><td>Lawrence<\/td><\/tr><tr><th scope=\"row\">Tel\u00e9fono:<\/th><td>303.601.6047<\/td><\/tr><tr><th scope=\"row\">Correo electr\u00f3nico:<\/th><td><a href=\"mailto:zelnick@ku.edu\">zelnick@ku.edu<\/a><\/td><\/tr><tr><td><strong>P\u00e1gina web:<\/strong><\/td><td><a href=\"https:\/\/www.adzelduo.com\" target=\"_blank\" rel=\"noreferrer noopener\">www.adzelduo.com<\/a><\/td><\/tr><\/tbody><\/table><\/figure>\n\n\n        <div class=\"clearfix\"><\/div>\n    <\/div>\n    <\/div>\n\n    <div class=\"container\">            <div class=\"accordion-block\">\n        <h3><\/h3>\n        <div class=\"accordion\" id=\"accordionExample\">\n        \n<div class=\"card simple\" >\n    <div class=\"card-header relative\" id=\"heading-252624050\">\n        <div class=\"d-flex justify-content-between\">\n            <h5 class=\"mb-0\">Acerca de<\/h5><button class=\"btn-link\" type=\"button\" data-toggle=\"collapse\" data-target=\"#collapse-252624050\" aria-expanded=\"false\" aria-controls=\"collapse-252624050\"><\/button>\n        <\/div>\n\n        <a href=\"javascript:;\" class=\"cover_link\" data-toggle=\"collapse\" data-target=\"#collapse-252624050\" aria-expanded=\"false\" aria-controls=\"collapse-252624050\" aria-label=\"Toggle\"><\/a>\n    <\/div>\n\n    <div id=\"collapse-252624050\" class=\"collapse\" aria-labelledby=\"heading-252624050\" data-parent=\"#accordionExample\">\n        <div class=\"card-body\">\n            \n\n<p>AdZel presents polished committed performances of stunning new works. AdZel Duo has performed and taught at Carnegie Hall, Eastman School of Music, Juilliard School, University of Michigan, Northwestern University, The Costa Rica International Clarinet Festival, The International Clarinet Association ClarinetFest, University of Delaware, The European Clarinet Conference, Oklahoma Clarinet Symposium, Zodiac Festival, Imani Winds Chamber Music Festival, San Francisco Conservatory, University of California at Irvine, University of Kansas, Rutgers School of Music and the Yale School of Music, among many others. Working with the leading voices of contemporary music such as Mohammed Fairouz, Jason Barabba, Annie Guzzo, Forrest Pierce, Sergio Delgado, Ingrid Stolzel, Jennifer Bellor, Beth Wiemann, Rachel Whelan, and others, AdZel is committed to new dialogues in sound and fostering inclusion in classical music. <\/p>\n\n\n\n<p><\/p>\n\n\n\n<p>Their unique performances have been lauded as \u201ctruly inspiring\u201d and \u201cbeautifully presented.\u201d Blending original music and spoken word, their concerts combine education and music into a modern language that embraces innovation in classical music. Lauded by The Clarinet for \u201ccompelling unity of sound and excellent ensemble,\u201d the ensemble is one of the most dynamic ensembles on the music scene today. <\/p>\n\n\n\n<p><\/p>\n\n\n\n<p>Clarinetist Mariam Adam (<a href=\"http:\/\/mariamadam.com\/\">mariamadam.com<\/a>) is an internationally known chamber musician, soloist, music advocate and educator originally from Monterey, California. She is the Assistant Professor of Clarinet at the Blair School of Music at Vanderbilt University. Praised for her \u201cvirtuosic performances lit by flashes of passion\u201d (Gramophone), she has received rave critical reviews for her work. A founding and former member Imani Winds, she currently lives and works in France and Tennessee and performs across Europe and around the world. She is a Selmer Paris artist. <\/p>\n\n\n\n<p><\/p>\n\n\n\n<p>Dr. Stephanie Zelnick (<a href=\"http:\/\/stephaniezelnick.com\/\">stephaniezelnick.com<\/a>) is the Professor of Clarinet at the University of Kansas. Hailed as \u201csimply sublime\u201d (San Francisco Classical Voice) and lauded for her \u201ccrystal clear tone and beautifully shaped phrases\u201d (The Clarinet), she has performed throughout North America, Europe, South America, and Asia as an orchestral, solo, and chamber musician. Her recordings can be heard on the Naxos, Innova, Accademia del Clarinetto labels, among others, and she has been broadcast on multiple occasions on Performance Today and other public radio programs. She is a Buffet-Crampon Artist and Clinician.<\/p>\n\n\n        <\/div>\n    <\/div>\n<\/div>\n\n<div class=\"card simple\" >\n    <div class=\"card-header relative\" id=\"heading-1537958681\">\n        <div class=\"d-flex justify-content-between\">\n            <h5 class=\"mb-0\">Descripci\u00f3n del programa principal<\/h5><button class=\"btn-link\" type=\"button\" data-toggle=\"collapse\" data-target=\"#collapse-1537958681\" aria-expanded=\"false\" aria-controls=\"collapse-1537958681\"><\/button>\n        <\/div>\n\n        <a href=\"javascript:;\" class=\"cover_link\" data-toggle=\"collapse\" data-target=\"#collapse-1537958681\" aria-expanded=\"false\" aria-controls=\"collapse-1537958681\" aria-label=\"Toggle\"><\/a>\n    <\/div>\n\n    <div id=\"collapse-1537958681\" class=\"collapse\" aria-labelledby=\"heading-1537958681\" data-parent=\"#accordionExample\">\n        <div class=\"card-body\">\n            \n\n<p>El d\u00fao AdZel est\u00e1 comprometido con la excelencia y la inclusi\u00f3n en la m\u00fasica cl\u00e1sica. Con programas que inspiran y nos recuerdan a todos que lo que nos une es m\u00e1s fuerte que lo que nos separa, AdZel est\u00e1 deleitando a la cr\u00edtica y al p\u00fablico con sus diversos programas. A continuaci\u00f3n incluimos un programa de muestra, que puede variar en funci\u00f3n de la audiencia y el grupo de edad (tenemos un programa para ni\u00f1os de hasta 12 a\u00f1os, as\u00ed como otro dise\u00f1ado para personas mayores).<\/p>\n\n\n\n<p><\/p>\n\n\n\n<p><strong>D\u00fao AdZel<\/strong><br>Mariam Adam y Stephanie Zelnick, clarinetes<\/p>\n\n\n\n<p><\/p>\n\n\n\n<p><strong>Clarinetes \u00a1VIVOS!<\/strong><br>M\u00fasica para clarinete de compositores vivos<\/p>\n\n\n\n<p><\/p>\n\n\n\n<p><strong>Anne Guzzo (1970-)<br>Color de miel<\/strong><br>Escrito para el d\u00fao AdZel en 2011<\/p>\n\n\n\n<p><\/p>\n\n\n\n<p><strong>Sergio Delgado (1993-)<br>Sonatina a Francis Poulenc<\/strong><br>2018<\/p>\n\n\n\n<p><\/p>\n\n\n\n<p><strong>Forrest Pierce (1972-)<br>Carrera Castle Creek<\/strong><br>Compuesto para Stephanie Zelnick en 2016<\/p>\n\n\n\n<p><\/p>\n\n\n\n<p><strong>Jason Barabba (1972-)<br>Catawampus<\/strong><br>Compuesto para el d\u00fao AdZel en 2010<\/p>\n\n\n\n<p><\/p>\n\n\n\n<p><strong>Roberto Sierra (1953-)<br>Cinco Bocetos<\/strong><br>1984<\/p>\n\n\n\n<p><strong>Anne Guzzo (1970-)<\/strong><\/p>\n\n\n\n<p><strong><br>Pavana del ant\u00edlope<\/strong><br>Compuesto para el d\u00fao AdZel en 2014<\/p>\n\n\n\n<p><\/p>\n\n\n\n<p><strong>Mohammed Fairouz (1988-)<br>AdZel<\/strong><br>Compuesto para el d\u00fao AdZel en 2011<\/p>\n\n\n        <\/div>\n    <\/div>\n<\/div>\n\n<div class=\"card simple\" >\n    <div class=\"card-header relative\" id=\"heading-1836202669\">\n        <div class=\"d-flex justify-content-between\">\n            <h5 class=\"mb-0\">Tasa del programa<\/h5><button class=\"btn-link\" type=\"button\" data-toggle=\"collapse\" data-target=\"#collapse-1836202669\" aria-expanded=\"false\" aria-controls=\"collapse-1836202669\"><\/button>\n        <\/div>\n\n        <a href=\"javascript:;\" class=\"cover_link\" data-toggle=\"collapse\" data-target=\"#collapse-1836202669\" aria-expanded=\"false\" aria-controls=\"collapse-1836202669\" aria-label=\"Toggle\"><\/a>\n    <\/div>\n\n    <div id=\"collapse-1836202669\" class=\"collapse\" aria-labelledby=\"heading-1836202669\" data-parent=\"#accordionExample\">\n        <div class=\"card-body\">\n            \n\n<p>$800-$1000 depending on number of programs and travel expenses. We prefer to do more concerts in a certain amount of time to be able to consolidate our travel and expenses.<\/p>\n\n\n        <\/div>\n    <\/div>\n<\/div>\n\n<div class=\"card simple\" >\n    <div class=\"card-header relative\" id=\"heading-517490689\">\n        <div class=\"d-flex justify-content-between\">\n            <h5 class=\"mb-0\">Informaci\u00f3n sobre actividades educativas<\/h5><button class=\"btn-link\" type=\"button\" data-toggle=\"collapse\" data-target=\"#collapse-517490689\" aria-expanded=\"false\" aria-controls=\"collapse-517490689\"><\/button>\n        <\/div>\n\n        <a href=\"javascript:;\" class=\"cover_link\" data-toggle=\"collapse\" data-target=\"#collapse-517490689\" aria-expanded=\"false\" aria-controls=\"collapse-517490689\" aria-label=\"Toggle\"><\/a>\n    <\/div>\n\n    <div id=\"collapse-517490689\" class=\"collapse\" aria-labelledby=\"heading-517490689\" data-parent=\"#accordionExample\">\n        <div class=\"card-body\">\n            \n\n<p>AdZel has been presenting outreach and educational programs since 2009 as one of the founding principles of their group. They have educational programs based on standard repertoire and cutting-edge pieces written by living composers. <\/p>\n\n\n\n<p><\/p>\n\n\n\n<p>Their offerings include workshops that inspire audiences to: <\/p>\n\n\n\n<p>Explorar sentimientos e ideas inspirados por la m\u00fasica <\/p>\n\n\n\n<p>Modular las emociones a trav\u00e9s de la m\u00fasica <\/p>\n\n\n\n<p>Explorar la naturaleza y el mundo que nos rodea <\/p>\n\n\n\n<p>Apreciar a las personas que son diferentes de nosotros <\/p>\n\n\n\n<p><\/p>\n\n\n\n<p>They also have taken educational \u201cinformances\u201d to audiences on three continents. Topics of these presentations and talks include entrepreneurship, creativity, inspiration, inclusion, and striving for excellence through all of our endeavors. As two college professors, they are very comfortable giving masterclasses, working with students on their application and interview skills, and helping younger audience with communication. Using a positive and supportive approach, they have worked extensively to promote self-confidence and work on public presentation with numerous school groups. They also emphasize mental and physical health with younger audiences and have a series of talks and workshops that they use with students. They are committed to the audience interacting with them as active participants in the artistic process. They realize that art and musical performance should be fluid processes. They believe art should be fluid and inclusive.<\/p>\n\n\n        <\/div>\n    <\/div>\n<\/div>\n\n<div class=\"card simple\" >\n    <div class=\"card-header relative\" id=\"heading-2244603\">\n        <div class=\"d-flex justify-content-between\">\n            <h5 class=\"mb-0\">Informaci\u00f3n sobre la actividad comunitaria<\/h5><button class=\"btn-link\" type=\"button\" data-toggle=\"collapse\" data-target=\"#collapse-2244603\" aria-expanded=\"false\" aria-controls=\"collapse-2244603\"><\/button>\n        <\/div>\n\n        <a href=\"javascript:;\" class=\"cover_link\" data-toggle=\"collapse\" data-target=\"#collapse-2244603\" aria-expanded=\"false\" aria-controls=\"collapse-2244603\" aria-label=\"Toggle\"><\/a>\n    <\/div>\n\n    <div id=\"collapse-2244603\" class=\"collapse\" aria-labelledby=\"heading-2244603\" data-parent=\"#accordionExample\">\n        <div class=\"card-body\">\n            \n\n<p>AdZel conducts workshops and educational talks with communities, exploring art and expression in a supportive and creative environment. AdZel is committed to the idea that music is important to not just the wealthy segments of communities but to everyone equally. They realize that barriers have prevented many members of our communities from being able to access the arts and art education. They feel strongly that this must be a strong part of any arts organization moving forward and it is one of our founding principles. They also feel that using music to emphasize commonalities in the human experience instead of differences is as important as the music itself. This is why their programming, outreach, and community programs show that Beethoven and Mozart can be as relevant as today\u2019s composers. They also feel that humor and openness are as important as virtuosic performing and can be incorporated into even the most serious concert event.<\/p>\n\n\n        <\/div>\n    <\/div>\n<\/div>\n\n        <\/div>\n    <\/div>\n    <script>\n        jQuery(function($){\n            if ( window.location.hash ) {\n                 var hash = window.location.hash,\n                     $hash = $('.accordion-block .card'+hash);\n                $('.card-header button', $hash).click();\n                setTimeout(function() {\n                    $('html, body').animate({\n                        scrollTop: $hash.offset().top - 160\n                    }, 100);\n                }, 500);\n             }\n        })\n    <\/script>\n    <\/div>","protected":false},"excerpt":{"rendered":"","protected":false},"featured_media":0,"parent":20876,"menu_order":154,"template":"","class_list":["post-51525","program","type-program","status-publish","hentry"],"acf":[],"yoast_head":"<!-- This site is optimized with the Yoast SEO Premium plugin v19.5 (Yoast SEO v27.1.1) - https:\/\/yoast.com\/product\/yoast-seo-premium-wordpress\/ -->\n<title>AdZel Duo - Kansas Department of Commerce<\/title>\n<meta name=\"description\" content=\"The Kansas Creative Arts Industries maintains an approved Touring Roster of Kansas-based touring companies and artists. Meet Thad Beach.\" \/>\n<meta name=\"robots\" content=\"index, follow, max-snippet:-1, max-image-preview:large, max-video-preview:-1\" \/>\n<link rel=\"canonical\" href=\"https:\/\/www.kansascommerce.gov\/es\/program\/kansas-creative-arts-and-industries-commission-kcaic\/kansas-touring-roster\/adzel-duo\/\" \/>\n<meta property=\"og:locale\" content=\"es_ES\" \/>\n<meta property=\"og:type\" content=\"article\" \/>\n<meta property=\"og:title\" content=\"AdZel Duo\" \/>\n<meta property=\"og:description\" content=\"The Kansas Creative Arts Industries maintains an approved Touring Roster of Kansas-based touring companies and artists. Meet Thad Beach.\" \/>\n<meta property=\"og:url\" content=\"https:\/\/www.kansascommerce.gov\/es\/program\/kansas-creative-arts-and-industries-commission-kcaic\/kansas-touring-roster\/adzel-duo\/\" \/>\n<meta property=\"og:site_name\" content=\"Kansas Department of Commerce\" \/>\n<meta property=\"article:publisher\" content=\"https:\/\/www.facebook.com\/KansasCommerce\/\" \/>\n<meta property=\"article:modified_time\" content=\"2025-12-08T14:22:10+00:00\" \/>\n<meta property=\"og:image\" content=\"https:\/\/www.kansascommerce.gov\/wp-content\/uploads\/2023\/02\/adzel-duo.jpg\" \/>\n\t<meta property=\"og:image:width\" content=\"336\" \/>\n\t<meta property=\"og:image:height\" content=\"402\" \/>\n\t<meta property=\"og:image:type\" content=\"image\/jpeg\" \/>\n<meta name=\"twitter:card\" content=\"summary_large_image\" \/>\n<meta name=\"twitter:site\" content=\"@KansasCommerce\" \/>\n<meta name=\"twitter:label1\" content=\"Tiempo de lectura\" \/>\n\t<meta name=\"twitter:data1\" content=\"5 minutos\" \/>\n<script type=\"application\/ld+json\" class=\"yoast-schema-graph\">{\"@context\":\"https:\/\/schema.org\",\"@graph\":[{\"@type\":\"WebPage\",\"@id\":\"https:\/\/www.kansascommerce.gov\/program\/kansas-creative-arts-and-industries-commission-kcaic\/kansas-touring-roster\/adzel-duo\/\",\"url\":\"https:\/\/www.kansascommerce.gov\/program\/kansas-creative-arts-and-industries-commission-kcaic\/kansas-touring-roster\/adzel-duo\/\",\"name\":\"AdZel Duo - Kansas Department of Commerce\",\"isPartOf\":{\"@id\":\"https:\/\/www.kansascommerce.gov\/#website\"},\"primaryImageOfPage\":{\"@id\":\"https:\/\/www.kansascommerce.gov\/program\/kansas-creative-arts-and-industries-commission-kcaic\/kansas-touring-roster\/adzel-duo\/#primaryimage\"},\"image\":{\"@id\":\"https:\/\/www.kansascommerce.gov\/program\/kansas-creative-arts-and-industries-commission-kcaic\/kansas-touring-roster\/adzel-duo\/#primaryimage\"},\"thumbnailUrl\":\"https:\/\/www.kansascommerce.gov\/wp-content\/uploads\/2023\/02\/adzel-duo.jpg\",\"datePublished\":\"2023-02-10T19:14:45+00:00\",\"dateModified\":\"2025-12-08T14:22:10+00:00\",\"description\":\"The Kansas Creative Arts Industries maintains an approved Touring Roster of Kansas-based touring companies and artists. Meet Thad Beach.\",\"breadcrumb\":{\"@id\":\"https:\/\/www.kansascommerce.gov\/program\/kansas-creative-arts-and-industries-commission-kcaic\/kansas-touring-roster\/adzel-duo\/#breadcrumb\"},\"inLanguage\":\"es\",\"potentialAction\":[{\"@type\":\"ReadAction\",\"target\":[\"https:\/\/www.kansascommerce.gov\/program\/kansas-creative-arts-and-industries-commission-kcaic\/kansas-touring-roster\/adzel-duo\/\"]}]},{\"@type\":\"ImageObject\",\"inLanguage\":\"es\",\"@id\":\"https:\/\/www.kansascommerce.gov\/program\/kansas-creative-arts-and-industries-commission-kcaic\/kansas-touring-roster\/adzel-duo\/#primaryimage\",\"url\":\"https:\/\/www.kansascommerce.gov\/wp-content\/uploads\/2023\/02\/adzel-duo.jpg\",\"contentUrl\":\"https:\/\/www.kansascommerce.gov\/wp-content\/uploads\/2023\/02\/adzel-duo.jpg\"},{\"@type\":\"BreadcrumbList\",\"@id\":\"https:\/\/www.kansascommerce.gov\/program\/kansas-creative-arts-and-industries-commission-kcaic\/kansas-touring-roster\/adzel-duo\/#breadcrumb\",\"itemListElement\":[{\"@type\":\"ListItem\",\"position\":1,\"name\":\"Home\",\"item\":\"https:\/\/www.kansascommerce.gov\/\"},{\"@type\":\"ListItem\",\"position\":2,\"name\":\"Programs\",\"item\":\"https:\/\/www.kansascommerce.gov\/program\/\"},{\"@type\":\"ListItem\",\"position\":3,\"name\":\"Kansas Arts Commission\",\"item\":\"https:\/\/www.kansascommerce.gov\/program\/kansas-creative-arts-and-industries-commission-kcaic\/\"},{\"@type\":\"ListItem\",\"position\":4,\"name\":\"Kansas Touring Roster\",\"item\":\"https:\/\/www.kansascommerce.gov\/program\/kansas-creative-arts-and-industries-commission-kcaic\/kansas-touring-roster\/\"},{\"@type\":\"ListItem\",\"position\":5,\"name\":\"AdZel Duo\"}]},{\"@type\":\"WebSite\",\"@id\":\"https:\/\/www.kansascommerce.gov\/#website\",\"url\":\"https:\/\/www.kansascommerce.gov\/\",\"name\":\"Kansas Department of Commerce\",\"description\":\"Empowering Prosperity\",\"publisher\":{\"@id\":\"https:\/\/www.kansascommerce.gov\/#organization\"},\"potentialAction\":[{\"@type\":\"SearchAction\",\"target\":{\"@type\":\"EntryPoint\",\"urlTemplate\":\"https:\/\/www.kansascommerce.gov\/?s={search_term_string}\"},\"query-input\":{\"@type\":\"PropertyValueSpecification\",\"valueRequired\":true,\"valueName\":\"search_term_string\"}}],\"inLanguage\":\"es\"},{\"@type\":\"Organization\",\"@id\":\"https:\/\/www.kansascommerce.gov\/#organization\",\"name\":\"Kansas Department of Commerce\",\"url\":\"https:\/\/www.kansascommerce.gov\/\",\"logo\":{\"@type\":\"ImageObject\",\"inLanguage\":\"es\",\"@id\":\"https:\/\/www.kansascommerce.gov\/#\/schema\/logo\/image\/\",\"url\":\"https:\/\/www.kansascommerce.gov\/wp-content\/uploads\/2020\/07\/kdc_logo.png\",\"contentUrl\":\"https:\/\/www.kansascommerce.gov\/wp-content\/uploads\/2020\/07\/kdc_logo.png\",\"width\":600,\"height\":347,\"caption\":\"Kansas Department of Commerce\"},\"image\":{\"@id\":\"https:\/\/www.kansascommerce.gov\/#\/schema\/logo\/image\/\"},\"sameAs\":[\"https:\/\/www.facebook.com\/KansasCommerce\/\",\"https:\/\/x.com\/KansasCommerce\",\"https:\/\/www.linkedin.com\/company\/kansas-department-of-commerce\/\"]}]}<\/script>\n<!-- \/ Yoast SEO Premium plugin. -->","yoast_head_json":{"title":"AdZel Duo - Kansas Department of Commerce","description":"The Kansas Creative Arts Industries maintains an approved Touring Roster of Kansas-based touring companies and artists. Meet Thad Beach.","robots":{"index":"index","follow":"follow","max-snippet":"max-snippet:-1","max-image-preview":"max-image-preview:large","max-video-preview":"max-video-preview:-1"},"canonical":"https:\/\/www.kansascommerce.gov\/es\/program\/kansas-creative-arts-and-industries-commission-kcaic\/kansas-touring-roster\/adzel-duo\/","og_locale":"es_ES","og_type":"article","og_title":"AdZel Duo","og_description":"The Kansas Creative Arts Industries maintains an approved Touring Roster of Kansas-based touring companies and artists. Meet Thad Beach.","og_url":"https:\/\/www.kansascommerce.gov\/es\/program\/kansas-creative-arts-and-industries-commission-kcaic\/kansas-touring-roster\/adzel-duo\/","og_site_name":"Kansas Department of Commerce","article_publisher":"https:\/\/www.facebook.com\/KansasCommerce\/","article_modified_time":"2025-12-08T14:22:10+00:00","og_image":[{"width":336,"height":402,"url":"https:\/\/www.kansascommerce.gov\/wp-content\/uploads\/2023\/02\/adzel-duo.jpg","type":"image\/jpeg"}],"twitter_card":"summary_large_image","twitter_site":"@KansasCommerce","twitter_misc":{"Tiempo de lectura":"5 minutos"},"schema":{"@context":"https:\/\/schema.org","@graph":[{"@type":"WebPage","@id":"https:\/\/www.kansascommerce.gov\/program\/kansas-creative-arts-and-industries-commission-kcaic\/kansas-touring-roster\/adzel-duo\/","url":"https:\/\/www.kansascommerce.gov\/program\/kansas-creative-arts-and-industries-commission-kcaic\/kansas-touring-roster\/adzel-duo\/","name":"AdZel Duo - Kansas Department of Commerce","isPartOf":{"@id":"https:\/\/www.kansascommerce.gov\/#website"},"primaryImageOfPage":{"@id":"https:\/\/www.kansascommerce.gov\/program\/kansas-creative-arts-and-industries-commission-kcaic\/kansas-touring-roster\/adzel-duo\/#primaryimage"},"image":{"@id":"https:\/\/www.kansascommerce.gov\/program\/kansas-creative-arts-and-industries-commission-kcaic\/kansas-touring-roster\/adzel-duo\/#primaryimage"},"thumbnailUrl":"https:\/\/www.kansascommerce.gov\/wp-content\/uploads\/2023\/02\/adzel-duo.jpg","datePublished":"2023-02-10T19:14:45+00:00","dateModified":"2025-12-08T14:22:10+00:00","description":"The Kansas Creative Arts Industries maintains an approved Touring Roster of Kansas-based touring companies and artists. Meet Thad Beach.","breadcrumb":{"@id":"https:\/\/www.kansascommerce.gov\/program\/kansas-creative-arts-and-industries-commission-kcaic\/kansas-touring-roster\/adzel-duo\/#breadcrumb"},"inLanguage":"es","potentialAction":[{"@type":"ReadAction","target":["https:\/\/www.kansascommerce.gov\/program\/kansas-creative-arts-and-industries-commission-kcaic\/kansas-touring-roster\/adzel-duo\/"]}]},{"@type":"ImageObject","inLanguage":"es","@id":"https:\/\/www.kansascommerce.gov\/program\/kansas-creative-arts-and-industries-commission-kcaic\/kansas-touring-roster\/adzel-duo\/#primaryimage","url":"https:\/\/www.kansascommerce.gov\/wp-content\/uploads\/2023\/02\/adzel-duo.jpg","contentUrl":"https:\/\/www.kansascommerce.gov\/wp-content\/uploads\/2023\/02\/adzel-duo.jpg"},{"@type":"BreadcrumbList","@id":"https:\/\/www.kansascommerce.gov\/program\/kansas-creative-arts-and-industries-commission-kcaic\/kansas-touring-roster\/adzel-duo\/#breadcrumb","itemListElement":[{"@type":"ListItem","position":1,"name":"Home","item":"https:\/\/www.kansascommerce.gov\/"},{"@type":"ListItem","position":2,"name":"Programs","item":"https:\/\/www.kansascommerce.gov\/program\/"},{"@type":"ListItem","position":3,"name":"Kansas Arts Commission","item":"https:\/\/www.kansascommerce.gov\/program\/kansas-creative-arts-and-industries-commission-kcaic\/"},{"@type":"ListItem","position":4,"name":"Kansas Touring Roster","item":"https:\/\/www.kansascommerce.gov\/program\/kansas-creative-arts-and-industries-commission-kcaic\/kansas-touring-roster\/"},{"@type":"ListItem","position":5,"name":"AdZel Duo"}]},{"@type":"WebSite","@id":"https:\/\/www.kansascommerce.gov\/#website","url":"https:\/\/www.kansascommerce.gov\/","name":"Departamento de Comercio de Kansas","description":"Fomentar la prosperidad","publisher":{"@id":"https:\/\/www.kansascommerce.gov\/#organization"},"potentialAction":[{"@type":"SearchAction","target":{"@type":"EntryPoint","urlTemplate":"https:\/\/www.kansascommerce.gov\/?s={search_term_string}"},"query-input":{"@type":"PropertyValueSpecification","valueRequired":true,"valueName":"search_term_string"}}],"inLanguage":"es"},{"@type":"Organization","@id":"https:\/\/www.kansascommerce.gov\/#organization","name":"Departamento de Comercio de Kansas","url":"https:\/\/www.kansascommerce.gov\/","logo":{"@type":"ImageObject","inLanguage":"es","@id":"https:\/\/www.kansascommerce.gov\/#\/schema\/logo\/image\/","url":"https:\/\/www.kansascommerce.gov\/wp-content\/uploads\/2020\/07\/kdc_logo.png","contentUrl":"https:\/\/www.kansascommerce.gov\/wp-content\/uploads\/2020\/07\/kdc_logo.png","width":600,"height":347,"caption":"Kansas Department of Commerce"},"image":{"@id":"https:\/\/www.kansascommerce.gov\/#\/schema\/logo\/image\/"},"sameAs":["https:\/\/www.facebook.com\/KansasCommerce\/","https:\/\/x.com\/KansasCommerce","https:\/\/www.linkedin.com\/company\/kansas-department-of-commerce\/"]}]}},"publishpress_future_action":{"enabled":false,"date":"2026-05-08 07:51:43","action":"change-status","newStatus":"draft","terms":[],"taxonomy":"","extraData":[]},"publishpress_future_workflow_manual_trigger":{"enabledWorkflows":[]},"_links":{"self":[{"href":"https:\/\/www.kansascommerce.gov\/es\/wp-json\/wp\/v2\/program\/51525","targetHints":{"allow":["GET"]}}],"collection":[{"href":"https:\/\/www.kansascommerce.gov\/es\/wp-json\/wp\/v2\/program"}],"about":[{"href":"https:\/\/www.kansascommerce.gov\/es\/wp-json\/wp\/v2\/types\/program"}],"up":[{"embeddable":true,"href":"https:\/\/www.kansascommerce.gov\/es\/wp-json\/wp\/v2\/program\/20876"}],"wp:attachment":[{"href":"https:\/\/www.kansascommerce.gov\/es\/wp-json\/wp\/v2\/media?parent=51525"}],"curies":[{"name":"wp","href":"https:\/\/api.w.org\/{rel}","templated":true}]}}